{"id":1359,"date":"2016-09-07T13:17:08","date_gmt":"2016-09-07T13:17:08","guid":{"rendered":"https:\/\/talleresloam.com\/sobre-nosotros\/"},"modified":"2019-05-20T12:57:05","modified_gmt":"2019-05-20T10:57:05","slug":"sobre-nosaltres","status":"publish","type":"page","link":"https:\/\/talleresloam.com\/ca\/sobre-nosaltres\/","title":{"rendered":"Sobre nosaltres"},"content":{"rendered":"<p>[vc_row full_width=&#8221;stretch_row_content_no_spaces&#8221; inverse=&#8221;&#8221; css=&#8221;.vc_custom_1554825905180{padding-top: 4vh !important;padding-bottom: 15vh !important;background-image: url(https:\/\/talleresloam.com\/wp-content\/uploads\/2019\/04\/nosotros-2.jpg?id=1117) !important;background-position: center !important;background-repeat: no-repeat !important;background-size: cover !important;}&#8221;][vc_column width=&#8221;1\/2&#8243;][\/vc_column][vc_column width=&#8221;1\/3&#8243; css=&#8221;.vc_custom_1530551478707{padding-right: 40px !important;padding-left: 40px !important;background-position: center !important;background-repeat: no-repeat !important;background-size: cover !important;}&#8221; offset=&#8221;vc_col-lg-offset-1&#8243;]<h1 class=\"sc_title sc_title_underline\">Nosotros<\/h1>[vc_column_text]<\/p>\n<p style=\"color: #11224d; font-size: 20px; line-height: 1.9em;\">En Talleres Loam e Hijos, S.L., treballem amb responsabilitat, comprom\u00eds i cordialitat, gr\u00e0cies a aix\u00f2 trobar\u00e0 en nosaltres la seguretat i la professionalitat que es mereix. La clau de la nostra metodologia es defineix per la combinaci\u00f3 d&#8217;aquests 3 factors:<\/p>\n<p>[\/vc_column_text][\/vc_column][\/vc_row][vc_row full_width=&#8221;stretch_row&#8221; inverse=&#8221;&#8221; css=&#8221;.vc_custom_1530119475745{background-color: #ffffff !important;background-position: center !important;background-repeat: no-repeat !important;background-size: cover !important;}&#8221;][vc_column width=&#8221;1\/2&#8243;][vc_empty_space height=&#8221;100px&#8221;][vc_single_image image=&#8221;952&#8243; img_size=&#8221;50&#215;50&#8243; css_animation=&#8221;fadeIn&#8221;][vc_column_text css_animation=&#8221;fadeIn&#8221; css=&#8221;.vc_custom_1558349590287{margin-top: -20px !important;}&#8221;]<\/p>\n<h3 style=\"text-align: left;\">Serietat<\/h3>\n<p>Combinem materials idonis i assessorament convenient que s&#8217;ajusta a les necessitats del client, per oferir el millor servei i la soluci\u00f3 m\u00e9s efectiva.[\/vc_column_text][\/vc_column][vc_column width=&#8221;1\/2&#8243;][vc_empty_space height=&#8221;64px&#8221;][vc_single_image image=&#8221;1213&#8243; img_size=&#8221;full&#8221; alignment=&#8221;right&#8221; css_animation=&#8221;fadeIn&#8221;][vc_empty_space height=&#8221;64px&#8221;][\/vc_column][\/vc_row][vc_row full_width=&#8221;stretch_row&#8221; inverse=&#8221;&#8221; css=&#8221;.vc_custom_1530195878916{background-color: #f4f4f4 !important;}&#8221;][vc_column width=&#8221;1\/2&#8243; css=&#8221;.vc_custom_1530196026567{padding-right: 35px !important;}&#8221;][vc_empty_space height=&#8221;50px&#8221;][vc_single_image image=&#8221;954&#8243; img_size=&#8221;50&#215;50&#8243; css_animation=&#8221;fadeIn&#8221;][vc_column_text css_animation=&#8221;fadeIn&#8221; css=&#8221;.vc_custom_1557232904494{margin-top: 12px !important;margin-bottom: 40px !important;}&#8221;]<\/p>\n<h3>Experi\u00e8ncia<\/h3>\n<p>[\/vc_column_text][vc_single_image image=&#8221;1196&#8243; img_size=&#8221;full&#8221; css_animation=&#8221;fadeIn&#8221;][vc_empty_space height=&#8221;64px&#8221;][\/vc_column][vc_column width=&#8221;1\/2&#8243;][vc_empty_space height=&#8221;200px&#8221;][vc_single_image image=&#8221;953&#8243; img_size=&#8221;100 x 100&#8243; css_animation=&#8221;fadeIn&#8221; css=&#8221;.vc_custom_1530195275069{margin-bottom: 20px !important;}&#8221;][vc_column_text css_animation=&#8221;fadeIn&#8221;]M\u00e9s de 45 anys d&#8217;experi\u00e8ncia en el sector ens avalan.<\/p>\n<p>La tasca de Talleres Loam, des dels seus or\u00edgens, \u00e9s la de seguir oferint al client el nostre m\u00e0xim rendiment sense deixar d&#8217;evolucionar en el sector i sobre tot d&#8217;una manera humana i propera perqu\u00e8 el client es senti a gust i satisfet amb el nostre treball.[\/vc_column_text][vc_empty_space height=&#8221;64px&#8221;][\/vc_column][\/vc_row][vc_row][vc_column width=&#8221;1\/2&#8243;][vc_empty_space height=&#8221;64px&#8221;][vc_single_image image=&#8221;961&#8243; img_size=&#8221;50&#215;50&#8243; css_animation=&#8221;fadeIn&#8221;][vc_column_text css_animation=&#8221;fadeIn&#8221; css=&#8221;.vc_custom_1557232956029{margin-top: -20px !important;}&#8221;]<\/p>\n<h3>Qualificaci\u00f3<\/h3>\n<p>Els nostres t\u00e8cnics estan altament qualificats i habilitats per a cadascuna de les nostres especialitats:<\/p>\n<ul>\n<li>Aigua i gas<\/li>\n<li>Electricitat a baixa tensi\u00f3 &#8211; Categoria Especialista<\/li>\n<li>Instal\u00b7lacions t\u00e8rmiques &#8211; Aire condicionat \/ Calefacci\u00f3<\/li>\n<li>Energies renovables &#8211; Aerotermia \/ Geot\u00e8rmia \/ Solar \/ T\u00e8rmica \/ Fotovoltaica \/ Autoconsum<\/li>\n<li>Instal\u00b7lacions petrol\u00edferes<\/li>\n<li>Equips a pressi\u00f3 &#8211; Aire \/ Vapor \/ Oli t\u00e8rmic<\/li>\n<li>Gasos fluorats<\/li>\n<li>Tractament Legionela<\/li>\n<li>Caldereria &#8211; Construcci\u00f3 i reparaci\u00f3 d&#8217;aparells de<br \/>\nacer inoxidable.<\/li>\n<\/ul>\n<p>[\/vc_column_text][vc_empty_space height=&#8221;64px&#8221;][\/vc_column][vc_column width=&#8221;1\/2&#8243;][vc_empty_space height=&#8221;64px&#8221;][vc_single_image image=&#8221;1194&#8243; img_size=&#8221;full&#8221; alignment=&#8221;right&#8221; css_animation=&#8221;fadeIn&#8221;][vc_empty_space height=&#8221;64px&#8221;][\/vc_column][\/vc_row]<\/p>\n","protected":false},"excerpt":{"rendered":"<p>[vc_row full_width=&#8221;stretch_row_content_no_spaces&#8221; inverse=&#8221;&#8221; css=&#8221;.vc_custom_1554825905180{padding-top: 4vh !important;padding-bottom: 15vh !important;background-image: url(https:\/\/talleresloam.com\/wp-content\/uploads\/2019\/04\/nosotros-2.jpg?id=1117) !important;background-position: center !important;background-repeat: no-repeat !important;background-size: cover !important;}&#8221;][vc_column width=&#8221;1\/2&#8243;][\/vc_column][vc_column width=&#8221;1\/3&#8243; css=&#8221;.vc_custom_1530551478707{padding-right: 40px !important;padding-left: 40px !important;background-position: center !important;background-repeat: no-repeat !important;background-size: cover !important;}&#8221; offset=&#8221;vc_col-lg-offset-1&#8243;][vc_column_text] En Talleres Loam e Hijos, S.L., treballem amb responsabilitat, comprom\u00eds i cordialitat, gr\u00e0cies a aix\u00f2 trobar\u00e0 en nosaltres la seguretat i la professionalitat que es [&hellip;]<\/p>\n","protected":false},"author":1,"featured_media":0,"parent":0,"menu_order":0,"comment_status":"closed","ping_status":"closed","template":"","meta":{"footnotes":""},"class_list":["post-1359","page","type-page","status-publish","hentry"],"yoast_head":"<!-- This site is optimized with the Yoast SEO plugin v26.2 - https:\/\/yoast.com\/wordpress\/plugins\/seo\/ -->\n<title>Sobre nosaltres | Talleres Loam<\/title>\n<meta name=\"robots\" content=\"index, follow, max-snippet:-1, max-image-preview:large, max-video-preview:-1\" \/>\n<link rel=\"canonical\" href=\"https:\/\/talleresloam.com\/ca\/sobre-nosaltres\/\" \/>\n<meta property=\"og:locale\" content=\"ca_ES\" \/>\n<meta property=\"og:type\" content=\"article\" \/>\n<meta property=\"og:title\" content=\"Sobre nosaltres | Talleres Loam\" \/>\n<meta property=\"og:description\" content=\"[vc_row full_width=&#8221;stretch_row_content_no_spaces&#8221; inverse=&#8221;&#8221; css=&#8221;.vc_custom_1554825905180{padding-top: 4vh !important;padding-bottom: 15vh !important;background-image: url(https:\/\/talleresloam.com\/wp-content\/uploads\/2019\/04\/nosotros-2.jpg?id=1117) !important;background-position: center !important;background-repeat: no-repeat !important;background-size: cover !important;}&#8221;][vc_column width=&#8221;1\/2&#8243;][\/vc_column][vc_column width=&#8221;1\/3&#8243; css=&#8221;.vc_custom_1530551478707{padding-right: 40px !important;padding-left: 40px !important;background-position: center !important;background-repeat: no-repeat !important;background-size: cover !important;}&#8221; offset=&#8221;vc_col-lg-offset-1&#8243;][vc_column_text] En Talleres Loam e Hijos, S.L., treballem amb responsabilitat, comprom\u00eds i cordialitat, gr\u00e0cies a aix\u00f2 trobar\u00e0 en nosaltres la seguretat i la professionalitat que es [&hellip;]\" \/>\n<meta property=\"og:url\" content=\"https:\/\/talleresloam.com\/ca\/sobre-nosaltres\/\" \/>\n<meta property=\"og:site_name\" content=\"Talleres Loam\" \/>\n<meta property=\"article:modified_time\" content=\"2019-05-20T10:57:05+00:00\" \/>\n<meta name=\"twitter:card\" content=\"summary_large_image\" \/>\n<meta name=\"twitter:label1\" content=\"Temps estimat de lectura\" \/>\n\t<meta name=\"twitter:data1\" content=\"3 minuts\" \/>\n<script type=\"application\/ld+json\" class=\"yoast-schema-graph\">{\"@context\":\"https:\/\/schema.org\",\"@graph\":[{\"@type\":\"WebPage\",\"@id\":\"https:\/\/talleresloam.com\/ca\/sobre-nosaltres\/\",\"url\":\"https:\/\/talleresloam.com\/ca\/sobre-nosaltres\/\",\"name\":\"Sobre nosaltres | Talleres Loam\",\"isPartOf\":{\"@id\":\"https:\/\/talleresloam.com\/#website\"},\"datePublished\":\"2016-09-07T13:17:08+00:00\",\"dateModified\":\"2019-05-20T10:57:05+00:00\",\"breadcrumb\":{\"@id\":\"https:\/\/talleresloam.com\/ca\/sobre-nosaltres\/#breadcrumb\"},\"inLanguage\":\"ca\",\"potentialAction\":[{\"@type\":\"ReadAction\",\"target\":[\"https:\/\/talleresloam.com\/ca\/sobre-nosaltres\/\"]}]},{\"@type\":\"BreadcrumbList\",\"@id\":\"https:\/\/talleresloam.com\/ca\/sobre-nosaltres\/#breadcrumb\",\"itemListElement\":[{\"@type\":\"ListItem\",\"position\":1,\"name\":\"Portada\",\"item\":\"https:\/\/talleresloam.com\/ca\/\"},{\"@type\":\"ListItem\",\"position\":2,\"name\":\"Sobre nosaltres\"}]},{\"@type\":\"WebSite\",\"@id\":\"https:\/\/talleresloam.com\/#website\",\"url\":\"https:\/\/talleresloam.com\/\",\"name\":\"Talleres Loam\",\"description\":\"Fontaner\u00eda, instalaciones de sistemas de calefacci\u00f3n y aire acondicionado\",\"publisher\":{\"@id\":\"https:\/\/talleresloam.com\/#organization\"},\"potentialAction\":[{\"@type\":\"SearchAction\",\"target\":{\"@type\":\"EntryPoint\",\"urlTemplate\":\"https:\/\/talleresloam.com\/?s={search_term_string}\"},\"query-input\":{\"@type\":\"PropertyValueSpecification\",\"valueRequired\":true,\"valueName\":\"search_term_string\"}}],\"inLanguage\":\"ca\"},{\"@type\":\"Organization\",\"@id\":\"https:\/\/talleresloam.com\/#organization\",\"name\":\"Talleres Loam\",\"url\":\"https:\/\/talleresloam.com\/\",\"logo\":{\"@type\":\"ImageObject\",\"inLanguage\":\"ca\",\"@id\":\"https:\/\/talleresloam.com\/#\/schema\/logo\/image\/\",\"url\":\"https:\/\/talleresloam.com\/wp-content\/uploads\/2019\/05\/logo-talleres-loam@2x.png\",\"contentUrl\":\"https:\/\/talleresloam.com\/wp-content\/uploads\/2019\/05\/logo-talleres-loam@2x.png\",\"width\":918,\"height\":206,\"caption\":\"Talleres Loam\"},\"image\":{\"@id\":\"https:\/\/talleresloam.com\/#\/schema\/logo\/image\/\"}}]}<\/script>\n<!-- \/ Yoast SEO plugin. -->","yoast_head_json":{"title":"Sobre nosaltres | Talleres Loam","robots":{"index":"index","follow":"follow","max-snippet":"max-snippet:-1","max-image-preview":"max-image-preview:large","max-video-preview":"max-video-preview:-1"},"canonical":"https:\/\/talleresloam.com\/ca\/sobre-nosaltres\/","og_locale":"ca_ES","og_type":"article","og_title":"Sobre nosaltres | Talleres Loam","og_description":"[vc_row full_width=&#8221;stretch_row_content_no_spaces&#8221; inverse=&#8221;&#8221; css=&#8221;.vc_custom_1554825905180{padding-top: 4vh !important;padding-bottom: 15vh !important;background-image: url(https:\/\/talleresloam.com\/wp-content\/uploads\/2019\/04\/nosotros-2.jpg?id=1117) !important;background-position: center !important;background-repeat: no-repeat !important;background-size: cover !important;}&#8221;][vc_column width=&#8221;1\/2&#8243;][\/vc_column][vc_column width=&#8221;1\/3&#8243; css=&#8221;.vc_custom_1530551478707{padding-right: 40px !important;padding-left: 40px !important;background-position: center !important;background-repeat: no-repeat !important;background-size: cover !important;}&#8221; offset=&#8221;vc_col-lg-offset-1&#8243;][vc_column_text] En Talleres Loam e Hijos, S.L., treballem amb responsabilitat, comprom\u00eds i cordialitat, gr\u00e0cies a aix\u00f2 trobar\u00e0 en nosaltres la seguretat i la professionalitat que es [&hellip;]","og_url":"https:\/\/talleresloam.com\/ca\/sobre-nosaltres\/","og_site_name":"Talleres Loam","article_modified_time":"2019-05-20T10:57:05+00:00","twitter_card":"summary_large_image","twitter_misc":{"Temps estimat de lectura":"3 minuts"},"schema":{"@context":"https:\/\/schema.org","@graph":[{"@type":"WebPage","@id":"https:\/\/talleresloam.com\/ca\/sobre-nosaltres\/","url":"https:\/\/talleresloam.com\/ca\/sobre-nosaltres\/","name":"Sobre nosaltres | Talleres Loam","isPartOf":{"@id":"https:\/\/talleresloam.com\/#website"},"datePublished":"2016-09-07T13:17:08+00:00","dateModified":"2019-05-20T10:57:05+00:00","breadcrumb":{"@id":"https:\/\/talleresloam.com\/ca\/sobre-nosaltres\/#breadcrumb"},"inLanguage":"ca","potentialAction":[{"@type":"ReadAction","target":["https:\/\/talleresloam.com\/ca\/sobre-nosaltres\/"]}]},{"@type":"BreadcrumbList","@id":"https:\/\/talleresloam.com\/ca\/sobre-nosaltres\/#breadcrumb","itemListElement":[{"@type":"ListItem","position":1,"name":"Portada","item":"https:\/\/talleresloam.com\/ca\/"},{"@type":"ListItem","position":2,"name":"Sobre nosaltres"}]},{"@type":"WebSite","@id":"https:\/\/talleresloam.com\/#website","url":"https:\/\/talleresloam.com\/","name":"Talleres Loam","description":"Fontaner\u00eda, instalaciones de sistemas de calefacci\u00f3n y aire acondicionado","publisher":{"@id":"https:\/\/talleresloam.com\/#organization"},"potentialAction":[{"@type":"SearchAction","target":{"@type":"EntryPoint","urlTemplate":"https:\/\/talleresloam.com\/?s={search_term_string}"},"query-input":{"@type":"PropertyValueSpecification","valueRequired":true,"valueName":"search_term_string"}}],"inLanguage":"ca"},{"@type":"Organization","@id":"https:\/\/talleresloam.com\/#organization","name":"Talleres Loam","url":"https:\/\/talleresloam.com\/","logo":{"@type":"ImageObject","inLanguage":"ca","@id":"https:\/\/talleresloam.com\/#\/schema\/logo\/image\/","url":"https:\/\/talleresloam.com\/wp-content\/uploads\/2019\/05\/logo-talleres-loam@2x.png","contentUrl":"https:\/\/talleresloam.com\/wp-content\/uploads\/2019\/05\/logo-talleres-loam@2x.png","width":918,"height":206,"caption":"Talleres Loam"},"image":{"@id":"https:\/\/talleresloam.com\/#\/schema\/logo\/image\/"}}]}},"_links":{"self":[{"href":"https:\/\/talleresloam.com\/ca\/wp-json\/wp\/v2\/pages\/1359","targetHints":{"allow":["GET"]}}],"collection":[{"href":"https:\/\/talleresloam.com\/ca\/wp-json\/wp\/v2\/pages"}],"about":[{"href":"https:\/\/talleresloam.com\/ca\/wp-json\/wp\/v2\/types\/page"}],"author":[{"embeddable":true,"href":"https:\/\/talleresloam.com\/ca\/wp-json\/wp\/v2\/users\/1"}],"replies":[{"embeddable":true,"href":"https:\/\/talleresloam.com\/ca\/wp-json\/wp\/v2\/comments?post=1359"}],"version-history":[{"count":6,"href":"https:\/\/talleresloam.com\/ca\/wp-json\/wp\/v2\/pages\/1359\/revisions"}],"predecessor-version":[{"id":1475,"href":"https:\/\/talleresloam.com\/ca\/wp-json\/wp\/v2\/pages\/1359\/revisions\/1475"}],"wp:attachment":[{"href":"https:\/\/talleresloam.com\/ca\/wp-json\/wp\/v2\/media?parent=1359"}],"curies":[{"name":"wp","href":"https:\/\/api.w.org\/{rel}","templated":true}]}}